{"id":5663,"date":"2025-09-26T10:20:26","date_gmt":"2025-09-26T08:20:26","guid":{"rendered":"https:\/\/gremidellibrers.com\/new\/que-ofrecemos\/"},"modified":"2026-01-05T12:11:21","modified_gmt":"2026-01-05T11:11:21","slug":"que-ofrecemos","status":"publish","type":"page","link":"https:\/\/gremidellibrers.com\/es\/que-ofrecemos\/","title":{"rendered":"Qu\u00e9 ofrecemos"},"content":{"rendered":"\n\n\t\t\tEl gremi<h1>Qu\u00e9 oferim<\/h1>\t\t\t\n\t<h2>\n\t\t\t\tEl Gremi de Llibrers de Val\u00e8ncia <strong>dona suport<\/strong> als seus associats\n\t\t\t<\/h2>\n\t<p>A trav\u00e9s de diferents serveis i projectes de treball: assessorament t\u00e8cnic, formaci\u00f3 i accions de promoci\u00f3, informaci\u00f3, publicitat i difusi\u00f3 de les llibreries associades, dels seus productes i dels seus serveis.<\/p>\n<p>Aquestes \u00a0accions, \u00a0en \u00a0els \u00a0\u00faltims \u00a0anys, \u00a0s&#8217;han \u00a0estructurat \u00a0al \u00a0voltant \u00a0de \u00a0diferents \u00a0l\u00ednies d&#8217;actuaci\u00f3:<\/p>\n\t<h3>\n\t\t\t\tAccions de comunicaci\u00f3 i visibilitat\n\t\t\t<\/h3>\n\t\t\t<ul><li data-start=\"245\" data-end=\"372\">Accions de comunicaci\u00f3 per a potenciar la imatge de la llibreria com a comer\u00e7 especialitzat que ofereix qualitat i serveis.<\/li><li data-start=\"373\" data-end=\"585\">Accions que donen visibilitat a les llibreries, als llibreters i als seus serveis, que afegeixen valor al comer\u00e7 del llibre i milloren la percepci\u00f3 dels usuaris, com la campanya \u00abEns retrobem a les llibreries\u00bb.<\/li><\/ul>\t\n\t<h3>\n\t\t\t\tFormaci\u00f3 i trobades professionals\n\t\t\t<\/h3>\n\t\t\t<ul data-start=\"631\" data-end=\"774\"><li data-start=\"631\" data-end=\"700\">Accions formatives per a llibreters i personal de les llibreries.<\/li><li data-start=\"701\" data-end=\"774\">Trobades professionals per a compartir experi\u00e8ncies i bones pr\u00e0ctiques.<\/li><\/ul>\t\n\t<h3>\n\t\t\t\tFires i espais de promoci\u00f3 del llibre\n\t\t\t<\/h3>\n\t\t\t<ul><li data-start=\"824\" data-end=\"984\">Organitzaci\u00f3 de la Fira del Llibre de Val\u00e8ncia, el major esdeveniment al voltant del comer\u00e7 del llibre de la nostra comunitat i el segon en volum a Espanya.<\/li><li data-start=\"985\" data-end=\"1041\">Participaci\u00f3 en l&#8217;organitzaci\u00f3 de la Pla\u00e7a del Llibre.<\/li><\/ul>\t\n\t<h3>\n\t\t\t\tCampanyes de foment de la lectura i del comer\u00e7 del llibre\n\t\t\t<\/h3>\n\t\t\t<ul><li data-start=\"1111\" data-end=\"1197\">Campanyes de venda com el Dia del Llibre, el Llibre de Text o el Nadal de Llibres.<\/li><li data-start=\"1198\" data-end=\"1364\">Campanyes de foment de la lectura dins del Pla Valenci\u00e0 de Foment pel Llibre i la Lectura, a trav\u00e9s de la participaci\u00f3 en FULL (Fundaci\u00f3 pel Llibre i la Lectura).<\/li><li data-start=\"1365\" data-end=\"1472\">Projectes de converg\u00e8ncia amb altres entitats del comer\u00e7, com El Mercat Central amb la Fira del Llibre.<\/li><li data-start=\"1473\" data-end=\"1633\">Campanyes conjuntes amb institucions culturals i comercials, com <em data-start=\"1540\" data-end=\"1557\">Espanta la por!<\/em> del Museu Valenci\u00e0 d&#8217;Etnologia o \u00abPeque\u00f1o gran gesto\u00bb amb Confecomer\u00e7 CV.<\/li><li data-start=\"1634\" data-end=\"1732\">Campanyes estatals amb Cegal, la Confederaci\u00f3 de Gremios i Asociaciones de Llibrer\u00edas de Espa\u00f1a.<\/li><\/ul>\t\n\t<h3>\n\t\t\t\tServeis al soci i reconeixement al sector\n\t\t\t<\/h3>\n\t\t\t<ul><li data-start=\"1786\" data-end=\"1928\">Organitzaci\u00f3 del Premi Llibreries Valencianes, per donar visibilitat a obres liter\u00e0ries que destaquen per la seua qualitat i originalitat.<\/li><li data-start=\"1929\" data-end=\"1976\">Campanya permanent de captaci\u00f3 de nous socis.<\/li><\/ul>\t\n\n","protected":false},"excerpt":{"rendered":"<p>El gremi Qu\u00e9 oferim El Gremi de Llibrers de Val\u00e8ncia dona suport als seus associats A trav\u00e9s de diferents serveis i projectes de treball: assessorament t\u00e8cnic, formaci\u00f3 i accions de promoci\u00f3, informaci\u00f3, publicitat i difusi\u00f3 de les llibreries associades, dels seus productes i dels seus serveis. Aquestes \u00a0accions, \u00a0en \u00a0els \u00a0\u00faltims \u00a0anys, \u00a0s&#8217;han \u00a0estructurat \u00a0al&hellip;<\/p>\n","protected":false},"author":1,"featured_media":0,"parent":0,"menu_order":0,"comment_status":"closed","ping_status":"closed","template":"","meta":{"_acf_changed":false,"footnotes":""},"class_list":["post-5663","page","type-page","status-publish","hentry"],"acf":[],"yoast_head":"<!-- This site is optimized with the Yoast SEO plugin v26.6 - https:\/\/yoast.com\/wordpress\/plugins\/seo\/ -->\n<title>Qu\u00e9 ofrecemos - Gremi de Llibrers<\/title>\n<meta name=\"robots\" content=\"index, follow, max-snippet:-1, max-image-preview:large, max-video-preview:-1\" \/>\n<link rel=\"canonical\" href=\"https:\/\/gremidellibrers.com\/es\/que-ofrecemos\/\" \/>\n<meta property=\"og:locale\" content=\"es_ES\" \/>\n<meta property=\"og:type\" content=\"article\" \/>\n<meta property=\"og:title\" content=\"Qu\u00e9 ofrecemos - Gremi de Llibrers\" \/>\n<meta property=\"og:description\" content=\"El gremi Qu\u00e9 oferim El Gremi de Llibrers de Val\u00e8ncia dona suport als seus associats A trav\u00e9s de diferents serveis i projectes de treball: assessorament t\u00e8cnic, formaci\u00f3 i accions de promoci\u00f3, informaci\u00f3, publicitat i difusi\u00f3 de les llibreries associades, dels seus productes i dels seus serveis. Aquestes \u00a0accions, \u00a0en \u00a0els \u00a0\u00faltims \u00a0anys, \u00a0s&#8217;han \u00a0estructurat \u00a0al&hellip;\" \/>\n<meta property=\"og:url\" content=\"https:\/\/gremidellibrers.com\/es\/que-ofrecemos\/\" \/>\n<meta property=\"og:site_name\" content=\"Gremi de Llibrers\" \/>\n<meta property=\"article:modified_time\" content=\"2026-01-05T11:11:21+00:00\" \/>\n<meta name=\"twitter:card\" content=\"summary_large_image\" \/>\n<meta name=\"twitter:label1\" content=\"Tiempo de lectura\" \/>\n\t<meta name=\"twitter:data1\" content=\"2 minutos\" \/>\n<script type=\"application\/ld+json\" class=\"yoast-schema-graph\">{\"@context\":\"https:\/\/schema.org\",\"@graph\":[{\"@type\":\"WebPage\",\"@id\":\"https:\/\/gremidellibrers.com\/es\/que-ofrecemos\/\",\"url\":\"https:\/\/gremidellibrers.com\/es\/que-ofrecemos\/\",\"name\":\"Qu\u00e9 ofrecemos - Gremi de Llibrers\",\"isPartOf\":{\"@id\":\"https:\/\/gremidellibrers.com\/es\/#website\"},\"datePublished\":\"2025-09-26T08:20:26+00:00\",\"dateModified\":\"2026-01-05T11:11:21+00:00\",\"breadcrumb\":{\"@id\":\"https:\/\/gremidellibrers.com\/es\/que-ofrecemos\/#breadcrumb\"},\"inLanguage\":\"es\",\"potentialAction\":[{\"@type\":\"ReadAction\",\"target\":[\"https:\/\/gremidellibrers.com\/es\/que-ofrecemos\/\"]}]},{\"@type\":\"BreadcrumbList\",\"@id\":\"https:\/\/gremidellibrers.com\/es\/que-ofrecemos\/#breadcrumb\",\"itemListElement\":[{\"@type\":\"ListItem\",\"position\":1,\"name\":\"Home\",\"item\":\"https:\/\/gremidellibrers.com\/es\/\"},{\"@type\":\"ListItem\",\"position\":2,\"name\":\"Qu\u00e9 ofrecemos\"}]},{\"@type\":\"WebSite\",\"@id\":\"https:\/\/gremidellibrers.com\/es\/#website\",\"url\":\"https:\/\/gremidellibrers.com\/es\/\",\"name\":\"Gremi de Llibrers\",\"description\":\"\",\"potentialAction\":[{\"@type\":\"SearchAction\",\"target\":{\"@type\":\"EntryPoint\",\"urlTemplate\":\"https:\/\/gremidellibrers.com\/es\/?s={search_term_string}\"},\"query-input\":{\"@type\":\"PropertyValueSpecification\",\"valueRequired\":true,\"valueName\":\"search_term_string\"}}],\"inLanguage\":\"es\"}]}<\/script>\n<!-- \/ Yoast SEO plugin. -->","yoast_head_json":{"title":"Qu\u00e9 ofrecemos - Gremi de Llibrers","robots":{"index":"index","follow":"follow","max-snippet":"max-snippet:-1","max-image-preview":"max-image-preview:large","max-video-preview":"max-video-preview:-1"},"canonical":"https:\/\/gremidellibrers.com\/es\/que-ofrecemos\/","og_locale":"es_ES","og_type":"article","og_title":"Qu\u00e9 ofrecemos - Gremi de Llibrers","og_description":"El gremi Qu\u00e9 oferim El Gremi de Llibrers de Val\u00e8ncia dona suport als seus associats A trav\u00e9s de diferents serveis i projectes de treball: assessorament t\u00e8cnic, formaci\u00f3 i accions de promoci\u00f3, informaci\u00f3, publicitat i difusi\u00f3 de les llibreries associades, dels seus productes i dels seus serveis. Aquestes \u00a0accions, \u00a0en \u00a0els \u00a0\u00faltims \u00a0anys, \u00a0s&#8217;han \u00a0estructurat \u00a0al&hellip;","og_url":"https:\/\/gremidellibrers.com\/es\/que-ofrecemos\/","og_site_name":"Gremi de Llibrers","article_modified_time":"2026-01-05T11:11:21+00:00","twitter_card":"summary_large_image","twitter_misc":{"Tiempo de lectura":"2 minutos"},"schema":{"@context":"https:\/\/schema.org","@graph":[{"@type":"WebPage","@id":"https:\/\/gremidellibrers.com\/es\/que-ofrecemos\/","url":"https:\/\/gremidellibrers.com\/es\/que-ofrecemos\/","name":"Qu\u00e9 ofrecemos - Gremi de Llibrers","isPartOf":{"@id":"https:\/\/gremidellibrers.com\/es\/#website"},"datePublished":"2025-09-26T08:20:26+00:00","dateModified":"2026-01-05T11:11:21+00:00","breadcrumb":{"@id":"https:\/\/gremidellibrers.com\/es\/que-ofrecemos\/#breadcrumb"},"inLanguage":"es","potentialAction":[{"@type":"ReadAction","target":["https:\/\/gremidellibrers.com\/es\/que-ofrecemos\/"]}]},{"@type":"BreadcrumbList","@id":"https:\/\/gremidellibrers.com\/es\/que-ofrecemos\/#breadcrumb","itemListElement":[{"@type":"ListItem","position":1,"name":"Home","item":"https:\/\/gremidellibrers.com\/es\/"},{"@type":"ListItem","position":2,"name":"Qu\u00e9 ofrecemos"}]},{"@type":"WebSite","@id":"https:\/\/gremidellibrers.com\/es\/#website","url":"https:\/\/gremidellibrers.com\/es\/","name":"Gremi de Llibrers","description":"","potentialAction":[{"@type":"SearchAction","target":{"@type":"EntryPoint","urlTemplate":"https:\/\/gremidellibrers.com\/es\/?s={search_term_string}"},"query-input":{"@type":"PropertyValueSpecification","valueRequired":true,"valueName":"search_term_string"}}],"inLanguage":"es"}]}},"_links":{"self":[{"href":"https:\/\/gremidellibrers.com\/es\/wp-json\/wp\/v2\/pages\/5663","targetHints":{"allow":["GET"]}}],"collection":[{"href":"https:\/\/gremidellibrers.com\/es\/wp-json\/wp\/v2\/pages"}],"about":[{"href":"https:\/\/gremidellibrers.com\/es\/wp-json\/wp\/v2\/types\/page"}],"author":[{"embeddable":true,"href":"https:\/\/gremidellibrers.com\/es\/wp-json\/wp\/v2\/users\/1"}],"replies":[{"embeddable":true,"href":"https:\/\/gremidellibrers.com\/es\/wp-json\/wp\/v2\/comments?post=5663"}],"version-history":[{"count":2,"href":"https:\/\/gremidellibrers.com\/es\/wp-json\/wp\/v2\/pages\/5663\/revisions"}],"predecessor-version":[{"id":5671,"href":"https:\/\/gremidellibrers.com\/es\/wp-json\/wp\/v2\/pages\/5663\/revisions\/5671"}],"wp:attachment":[{"href":"https:\/\/gremidellibrers.com\/es\/wp-json\/wp\/v2\/media?parent=5663"}],"curies":[{"name":"wp","href":"https:\/\/api.w.org\/{rel}","templated":true}]}}